{"id":759,"date":"2025-09-22T16:45:27","date_gmt":"2025-09-22T16:45:27","guid":{"rendered":"http:\/\/peru-lacrosse-association.local\/?page_id=759"},"modified":"2025-10-13T01:34:16","modified_gmt":"2025-10-13T01:34:16","slug":"news-events","status":"publish","type":"page","link":"https:\/\/perulacrosse.org\/es\/news-events\/","title":{"rendered":"NOTICIAS"},"content":{"rendered":"<div data-elementor-type=\"wp-page\" data-elementor-id=\"759\" class=\"elementor elementor-759\" data-elementor-post-type=\"page\">\n\t\t\t\t<div class=\"elementor-element elementor-element-4f5940f e-flex e-con-boxed e-con e-parent\" data-id=\"4f5940f\" data-element_type=\"container\" data-e-type=\"container\" data-settings=\"{&quot;background_background&quot;:&quot;classic&quot;}\">\n\t\t\t\t\t<div class=\"e-con-inner\">\n\t\t<div class=\"elementor-element elementor-element-e206c71 e-con-full e-flex e-con e-child\" data-id=\"e206c71\" data-element_type=\"container\" data-e-type=\"container\">\n\t\t\t\t<div class=\"elementor-element elementor-element-9d2f8c6 elementor-widget elementor-widget-heading\" data-id=\"9d2f8c6\" data-element_type=\"widget\" data-e-type=\"widget\" data-widget_type=\"heading.default\">\n\t\t\t\t\t<h1 class=\"elementor-heading-title elementor-size-default\">NOTICIAS<\/h1>\t\t\t\t<\/div>\n\t\t\t\t<\/div>\n\t\t<div class=\"elementor-element elementor-element-c53d8d7 e-con-full e-flex e-con e-child\" data-id=\"c53d8d7\" data-element_type=\"container\" data-e-type=\"container\">\n\t\t\t\t<div class=\"elementor-element elementor-element-df93f30 elementor-widget elementor-widget-image\" data-id=\"df93f30\" data-element_type=\"widget\" data-e-type=\"widget\" data-settings=\"{&quot;motion_fx_motion_fx_mouse&quot;:&quot;yes&quot;,&quot;motion_fx_tilt_effect&quot;:&quot;yes&quot;,&quot;motion_fx_tilt_speed&quot;:{&quot;unit&quot;:&quot;px&quot;,&quot;size&quot;:&quot;1&quot;,&quot;sizes&quot;:[]},&quot;motion_fx_motion_fx_scrolling&quot;:&quot;yes&quot;,&quot;motion_fx_scale_effect&quot;:&quot;yes&quot;,&quot;motion_fx_scale_speed&quot;:{&quot;unit&quot;:&quot;px&quot;,&quot;size&quot;:&quot;2&quot;,&quot;sizes&quot;:[]},&quot;motion_fx_scale_direction&quot;:&quot;out-in&quot;,&quot;motion_fx_scale_range&quot;:{&quot;unit&quot;:&quot;%&quot;,&quot;size&quot;:&quot;&quot;,&quot;sizes&quot;:{&quot;start&quot;:20,&quot;end&quot;:80}},&quot;motion_fx_devices&quot;:[&quot;desktop&quot;,&quot;tablet&quot;,&quot;mobile&quot;]}\" data-widget_type=\"image.default\">\n\t\t\t\t\t\t\t\t\t\t\t\t\t\t\t<img decoding=\"async\" src=\"http:\/\/peru-lacrosse-association.local\/wp-content\/uploads\/2025\/09\/post-grad-prep-program-pic.jpg\" title=\"\" alt=\"\" loading=\"lazy\" \/>\t\t\t\t\t\t\t\t\t\t\t\t\t\t\t<\/div>\n\t\t\t\t<\/div>\n\t\t\t\t\t<\/div>\n\t\t\t\t<\/div>\n\t\t<div class=\"elementor-element elementor-element-a179060 e-flex e-con-boxed e-con e-parent\" data-id=\"a179060\" data-element_type=\"container\" data-e-type=\"container\" data-settings=\"{&quot;background_background&quot;:&quot;classic&quot;}\">\n\t\t\t\t\t<div class=\"e-con-inner\">\n\t\t\t\t<div class=\"elementor-element elementor-element-5ef5eb2 elementor-grid-1 elementor-posts--thumbnail-left elementor-grid-tablet-1 elementor-posts--align-left elementor-grid-mobile-1 elementor-widget elementor-widget-posts\" data-id=\"5ef5eb2\" data-element_type=\"widget\" data-e-type=\"widget\" data-settings=\"{&quot;classic_columns&quot;:&quot;1&quot;,&quot;classic_columns_tablet&quot;:&quot;1&quot;,&quot;classic_row_gap&quot;:{&quot;unit&quot;:&quot;px&quot;,&quot;size&quot;:40,&quot;sizes&quot;:[]},&quot;pagination_type&quot;:&quot;prev_next&quot;,&quot;classic_columns_mobile&quot;:&quot;1&quot;,&quot;classic_row_gap_tablet&quot;:{&quot;unit&quot;:&quot;px&quot;,&quot;size&quot;:&quot;&quot;,&quot;sizes&quot;:[]},&quot;classic_row_gap_mobile&quot;:{&quot;unit&quot;:&quot;px&quot;,&quot;size&quot;:&quot;&quot;,&quot;sizes&quot;:[]}}\" data-widget_type=\"posts.classic\">\n\t\t\t\t<div class=\"elementor-widget-container\">\n\t\t\t\t\t\t\t<div class=\"elementor-posts-container elementor-posts elementor-posts--skin-classic elementor-grid\" role=\"list\">\n\t\t\t\t<article class=\"elementor-post elementor-grid-item post-890 post type-post status-publish format-standard has-post-thumbnail hentry category-uncategorized\" role=\"listitem\">\n\t\t\t\t<a class=\"elementor-post__thumbnail__link\" href=\"https:\/\/perulacrosse.org\/es\/peru-lacrosse-association-received-provisional-recognition-from-the-peru-olympic-committee\/\" tabindex=\"-1\" >\n\t\t\t<div class=\"elementor-post__thumbnail\"><img fetchpriority=\"high\" decoding=\"async\" width=\"2048\" height=\"2560\" src=\"https:\/\/perulacrosse.org\/wp-content\/uploads\/2025\/10\/reconocimiento-olimpico.png-scaled.png\" class=\"attachment-full size-full wp-image-891\" alt=\"\" srcset=\"https:\/\/perulacrosse.org\/wp-content\/uploads\/2025\/10\/reconocimiento-olimpico.png-scaled.png 2048w, https:\/\/perulacrosse.org\/wp-content\/uploads\/2025\/10\/reconocimiento-olimpico.png-240x300.png 240w, https:\/\/perulacrosse.org\/wp-content\/uploads\/2025\/10\/reconocimiento-olimpico.png-819x1024.png 819w, https:\/\/perulacrosse.org\/wp-content\/uploads\/2025\/10\/reconocimiento-olimpico.png-768x960.png 768w, https:\/\/perulacrosse.org\/wp-content\/uploads\/2025\/10\/reconocimiento-olimpico.png-1229x1536.png 1229w, https:\/\/perulacrosse.org\/wp-content\/uploads\/2025\/10\/reconocimiento-olimpico.png-1638x2048.png 1638w, https:\/\/perulacrosse.org\/wp-content\/uploads\/2025\/10\/reconocimiento-olimpico.png-10x12.png 10w\" sizes=\"(max-width: 2048px) 100vw, 2048px\" \/><\/div>\n\t\t<\/a>\n\t\t\t\t<div class=\"elementor-post__text\">\n\t\t\t\t<h3 class=\"elementor-post__title\">\n\t\t\t<a href=\"https:\/\/perulacrosse.org\/es\/peru-lacrosse-association-received-provisional-recognition-from-the-peru-olympic-committee\/\" >\n\t\t\t\tPeru\u00a0Lacrosse Association received Provisional recognition from the\u00a0Peru\u00a0Olympic Committee\t\t\t<\/a>\n\t\t<\/h3>\n\t\t\t\t<div class=\"elementor-post__meta-data\">\n\t\t\t\t\t<span class=\"elementor-post-date\">\n\t\t\toctubre 27, 2025\t\t<\/span>\n\t\t\t\t<\/div>\n\t\t\t\t<div class=\"elementor-post__excerpt\">\n\t\t\t<p>Peru&nbsp;Lacrosse Association received Provisional recognition from the&nbsp;Peru&nbsp;Olympic Committee during a General Assembly of members on October 9, 2025. \u201cThis is a very important day for<\/p>\n\t\t<\/div>\n\t\t\n\t\t<a class=\"elementor-post__read-more\" href=\"https:\/\/perulacrosse.org\/es\/peru-lacrosse-association-received-provisional-recognition-from-the-peru-olympic-committee\/\" aria-label=\"Read more about Peru\u00a0Lacrosse Association received Provisional recognition from the\u00a0Peru\u00a0Olympic Committee\" tabindex=\"-1\" >\n\t\t\tLEER M\u00c1S\t\t<\/a>\n\n\t\t\t\t<\/div>\n\t\t\t\t<\/article>\n\t\t\t\t<article class=\"elementor-post elementor-grid-item post-861 post type-post status-publish format-standard has-post-thumbnail hentry category-uncategorized\" role=\"listitem\">\n\t\t\t\t<a class=\"elementor-post__thumbnail__link\" href=\"https:\/\/perulacrosse.org\/es\/meeting-with-peru-national-olympic-committee\/\" tabindex=\"-1\" >\n\t\t\t<div class=\"elementor-post__thumbnail\"><img decoding=\"async\" width=\"2560\" height=\"1634\" src=\"https:\/\/perulacrosse.org\/wp-content\/uploads\/2025\/09\/FullSizeRender-preview-scaled-e1760039789820.jpg\" class=\"attachment-full size-full wp-image-864\" alt=\"\" srcset=\"https:\/\/perulacrosse.org\/wp-content\/uploads\/2025\/09\/FullSizeRender-preview-scaled-e1760039789820.jpg 2560w, https:\/\/perulacrosse.org\/wp-content\/uploads\/2025\/09\/FullSizeRender-preview-scaled-e1760039789820-300x191.jpg 300w, https:\/\/perulacrosse.org\/wp-content\/uploads\/2025\/09\/FullSizeRender-preview-scaled-e1760039789820-1024x654.jpg 1024w, https:\/\/perulacrosse.org\/wp-content\/uploads\/2025\/09\/FullSizeRender-preview-scaled-e1760039789820-768x490.jpg 768w, https:\/\/perulacrosse.org\/wp-content\/uploads\/2025\/09\/FullSizeRender-preview-scaled-e1760039789820-1536x980.jpg 1536w, https:\/\/perulacrosse.org\/wp-content\/uploads\/2025\/09\/FullSizeRender-preview-scaled-e1760039789820-2048x1307.jpg 2048w\" sizes=\"(max-width: 2560px) 100vw, 2560px\" \/><\/div>\n\t\t<\/a>\n\t\t\t\t<div class=\"elementor-post__text\">\n\t\t\t\t<h3 class=\"elementor-post__title\">\n\t\t\t<a href=\"https:\/\/perulacrosse.org\/es\/meeting-with-peru-national-olympic-committee\/\" >\n\t\t\t\tReuni\u00f3n con el Comit\u00e9 Ol\u00edmpico Peruano (COP)\t\t\t<\/a>\n\t\t<\/h3>\n\t\t\t\t<div class=\"elementor-post__meta-data\">\n\t\t\t\t\t<span class=\"elementor-post-date\">\n\t\t\tseptiembre 1, 2025\t\t<\/span>\n\t\t\t\t<\/div>\n\t\t\t\t<div class=\"elementor-post__excerpt\">\n\t\t\t<p>Un d\u00eda hist\u00f3rico para Per\u00fa Lacrosse al dar otro paso decisivo hacia el reconocimiento ol\u00edmpico. En una significativa reuni\u00f3n con el presidente del Comit\u00e9 Ol\u00edmpico Peruano, Renzo Manyari.<\/p>\n\t\t<\/div>\n\t\t\n\t\t<a class=\"elementor-post__read-more\" href=\"https:\/\/perulacrosse.org\/es\/meeting-with-peru-national-olympic-committee\/\" aria-label=\"Read more about Meeting with the Peruvian Olympic Committee\" tabindex=\"-1\" >\n\t\t\tLEER M\u00c1S\t\t<\/a>\n\n\t\t\t\t<\/div>\n\t\t\t\t<\/article>\n\t\t\t\t<article class=\"elementor-post elementor-grid-item post-862 post type-post status-publish format-standard has-post-thumbnail hentry category-uncategorized\" role=\"listitem\">\n\t\t\t\t<a class=\"elementor-post__thumbnail__link\" href=\"https:\/\/perulacrosse.org\/es\/development-expands-to-huayna-with-new-youth-clinic\/\" tabindex=\"-1\" >\n\t\t\t<div class=\"elementor-post__thumbnail\"><img decoding=\"async\" width=\"1920\" height=\"2086\" src=\"https:\/\/perulacrosse.org\/wp-content\/uploads\/2025\/08\/IMG_4832-scaled-e1760040059231.jpg\" class=\"attachment-full size-full wp-image-866\" alt=\"\" srcset=\"https:\/\/perulacrosse.org\/wp-content\/uploads\/2025\/08\/IMG_4832-scaled-e1760040059231.jpg 1920w, https:\/\/perulacrosse.org\/wp-content\/uploads\/2025\/08\/IMG_4832-scaled-e1760040059231-276x300.jpg 276w, https:\/\/perulacrosse.org\/wp-content\/uploads\/2025\/08\/IMG_4832-scaled-e1760040059231-943x1024.jpg 943w, https:\/\/perulacrosse.org\/wp-content\/uploads\/2025\/08\/IMG_4832-scaled-e1760040059231-768x834.jpg 768w, https:\/\/perulacrosse.org\/wp-content\/uploads\/2025\/08\/IMG_4832-scaled-e1760040059231-1414x1536.jpg 1414w, https:\/\/perulacrosse.org\/wp-content\/uploads\/2025\/08\/IMG_4832-scaled-e1760040059231-1885x2048.jpg 1885w\" sizes=\"(max-width: 1920px) 100vw, 1920px\" \/><\/div>\n\t\t<\/a>\n\t\t\t\t<div class=\"elementor-post__text\">\n\t\t\t\t<h3 class=\"elementor-post__title\">\n\t\t\t<a href=\"https:\/\/perulacrosse.org\/es\/development-expands-to-huayna-with-new-youth-clinic\/\" >\n\t\t\t\tEl desarrollo se ampl\u00eda a Moquegua\t\t\t<\/a>\n\t\t<\/h3>\n\t\t\t\t<div class=\"elementor-post__meta-data\">\n\t\t\t\t\t<span class=\"elementor-post-date\">\n\t\t\tagosto 30, 2025\t\t<\/span>\n\t\t\t\t<\/div>\n\t\t\t\t<div class=\"elementor-post__excerpt\">\n\t\t\t<p>Peru Lacrosse contin\u00faa expandiendo el alcance del deporte con el lanzamiento de nuestro nuevo club en Moquegua, Moquegua Lacrosse. Extensos talleres de lacrosse tambi\u00e9n son brindados a varias escuelas locales, como la escuela San Antonio.<\/p>\n\t\t<\/div>\n\t\t\n\t\t<a class=\"elementor-post__read-more\" href=\"https:\/\/perulacrosse.org\/es\/development-expands-to-huayna-with-new-youth-clinic\/\" aria-label=\"Read more about Development Expands to Moquegua\" tabindex=\"-1\" >\n\t\t\tLEER M\u00c1S\t\t<\/a>\n\n\t\t\t\t<\/div>\n\t\t\t\t<\/article>\n\t\t\t\t<article class=\"elementor-post elementor-grid-item post-139 post type-post status-publish format-standard has-post-thumbnail hentry category-news-events\" role=\"listitem\">\n\t\t\t\t<a class=\"elementor-post__thumbnail__link\" href=\"https:\/\/perulacrosse.org\/es\/2027-pan-american-championship\/\" tabindex=\"-1\" >\n\t\t\t<div class=\"elementor-post__thumbnail\"><img loading=\"lazy\" decoding=\"async\" width=\"1440\" height=\"1920\" src=\"https:\/\/perulacrosse.org\/wp-content\/uploads\/2025\/09\/522689981_18393337252187511_7213626586565951880_n.webp\" class=\"attachment-full size-full wp-image-548\" alt=\"\" srcset=\"https:\/\/perulacrosse.org\/wp-content\/uploads\/2025\/09\/522689981_18393337252187511_7213626586565951880_n.webp 1440w, https:\/\/perulacrosse.org\/wp-content\/uploads\/2025\/09\/522689981_18393337252187511_7213626586565951880_n-225x300.webp 225w, https:\/\/perulacrosse.org\/wp-content\/uploads\/2025\/09\/522689981_18393337252187511_7213626586565951880_n-768x1024.webp 768w, https:\/\/perulacrosse.org\/wp-content\/uploads\/2025\/09\/522689981_18393337252187511_7213626586565951880_n-1152x1536.webp 1152w\" sizes=\"(max-width: 1440px) 100vw, 1440px\" \/><\/div>\n\t\t<\/a>\n\t\t\t\t<div class=\"elementor-post__text\">\n\t\t\t\t<h3 class=\"elementor-post__title\">\n\t\t\t<a href=\"https:\/\/perulacrosse.org\/es\/2027-pan-american-championship\/\" >\n\t\t\t\tSelecci\u00f3n Nacional Femenina clasifica al Campeonato Mundial de Lacrosse\t\t\t<\/a>\n\t\t<\/h3>\n\t\t\t\t<div class=\"elementor-post__meta-data\">\n\t\t\t\t\t<span class=\"elementor-post-date\">\n\t\t\tjunio 30, 2025\t\t<\/span>\n\t\t\t\t<\/div>\n\t\t\t\t<div class=\"elementor-post__excerpt\">\n\t\t\t<p>Estamos orgullosos de anunciar que la Selecci\u00f3n Nacional Femenina de Per\u00fa se ha clasificado oficialmente para el Campeonato Mundial de Lacrosse 2025 en Polonia.\nEste logro marca un hito hist\u00f3rico para nuestras atletas y para el crecimiento continuo del lacrosse en el Per\u00fa.<\/p>\n\t\t<\/div>\n\t\t\n\t\t<a class=\"elementor-post__read-more\" href=\"https:\/\/perulacrosse.org\/es\/2027-pan-american-championship\/\" aria-label=\"Read more about Women&#8217;s National Team Qualifies to World Lacrosse Championship\" tabindex=\"-1\" >\n\t\t\tLEER M\u00c1S\t\t<\/a>\n\n\t\t\t\t<\/div>\n\t\t\t\t<\/article>\n\t\t\t\t<article class=\"elementor-post elementor-grid-item post-140 post type-post status-publish format-standard has-post-thumbnail hentry category-news-events\" role=\"listitem\">\n\t\t\t\t<a class=\"elementor-post__thumbnail__link\" href=\"https:\/\/perulacrosse.org\/es\/world-lacrosse-full-member\/\" tabindex=\"-1\" >\n\t\t\t<div class=\"elementor-post__thumbnail\"><img loading=\"lazy\" decoding=\"async\" width=\"1920\" height=\"1280\" src=\"https:\/\/perulacrosse.org\/wp-content\/uploads\/2025\/09\/IMG_4949-1-scaled-1.webp\" class=\"attachment-full size-full wp-image-541\" alt=\"\" srcset=\"https:\/\/perulacrosse.org\/wp-content\/uploads\/2025\/09\/IMG_4949-1-scaled-1.webp 1920w, https:\/\/perulacrosse.org\/wp-content\/uploads\/2025\/09\/IMG_4949-1-scaled-1-300x200.webp 300w, https:\/\/perulacrosse.org\/wp-content\/uploads\/2025\/09\/IMG_4949-1-scaled-1-1024x683.webp 1024w, https:\/\/perulacrosse.org\/wp-content\/uploads\/2025\/09\/IMG_4949-1-scaled-1-768x512.webp 768w, https:\/\/perulacrosse.org\/wp-content\/uploads\/2025\/09\/IMG_4949-1-scaled-1-1536x1024.webp 1536w\" sizes=\"(max-width: 1920px) 100vw, 1920px\" \/><\/div>\n\t\t<\/a>\n\t\t\t\t<div class=\"elementor-post__text\">\n\t\t\t\t<h3 class=\"elementor-post__title\">\n\t\t\t<a href=\"https:\/\/perulacrosse.org\/es\/world-lacrosse-full-member\/\" >\n\t\t\t\tPer\u00fa obtiene membres\u00eda plena en World Lacrosse\t\t\t<\/a>\n\t\t<\/h3>\n\t\t\t\t<div class=\"elementor-post__meta-data\">\n\t\t\t\t\t<span class=\"elementor-post-date\">\n\t\t\tagosto 19, 2019\t\t<\/span>\n\t\t\t\t<\/div>\n\t\t\t\t<div class=\"elementor-post__excerpt\">\n\t\t\t<p>La Asociaci\u00f3n Peruana de Lacrosse (PLAX) se enorgullece en anunciar que Per\u00fa ha obtenido la membres\u00eda plena con derecho a voto en World Lacrosse, el \u00f3rgano rector internacional del deporte.<\/p>\n\t\t<\/div>\n\t\t\n\t\t<a class=\"elementor-post__read-more\" href=\"https:\/\/perulacrosse.org\/es\/world-lacrosse-full-member\/\" aria-label=\"Read more about Peru Becomes full WL member\" tabindex=\"-1\" >\n\t\t\tLEER M\u00c1S\t\t<\/a>\n\n\t\t\t\t<\/div>\n\t\t\t\t<\/article>\n\t\t\t\t<\/div>\n\t\t\n\t\t\t\t\t\t<\/div>\n\t\t\t\t<\/div>\n\t\t\t\t\t<\/div>\n\t\t\t\t<\/div>\n\t\t\t\t<\/div>","protected":false},"excerpt":{"rendered":"<p>NOTICIAS<\/p>","protected":false},"author":1,"featured_media":0,"parent":0,"menu_order":0,"comment_status":"closed","ping_status":"closed","template":"","meta":{"footnotes":""},"class_list":["post-759","page","type-page","status-publish","hentry"],"yoast_head":"<!-- This site is optimized with the Yoast SEO plugin v26.9 - https:\/\/yoast.com\/product\/yoast-seo-wordpress\/ -->\n<title>News &amp; Events - Peru Lacrosse Association<\/title>\n<meta name=\"robots\" content=\"index, follow, max-snippet:-1, max-image-preview:large, max-video-preview:-1\" \/>\n<link rel=\"canonical\" href=\"https:\/\/perulacrosse.org\/es\/news-events\/\" \/>\n<meta property=\"og:locale\" content=\"es_ES\" \/>\n<meta property=\"og:type\" content=\"article\" \/>\n<meta property=\"og:title\" content=\"News &amp; Events - Peru Lacrosse Association\" \/>\n<meta property=\"og:description\" content=\"News &amp; Events\" \/>\n<meta property=\"og:url\" content=\"https:\/\/perulacrosse.org\/es\/news-events\/\" \/>\n<meta property=\"og:site_name\" content=\"Peru Lacrosse Association\" \/>\n<meta property=\"article:publisher\" content=\"https:\/\/www.facebook.com\/perulacrosseofficial\" \/>\n<meta property=\"article:modified_time\" content=\"2025-10-13T01:34:16+00:00\" \/>\n<meta property=\"og:image\" content=\"https:\/\/perulacrosse.org\/wp-content\/uploads\/2025\/09\/post-grad-prep-program-pic.jpg\" \/>\n<meta name=\"twitter:card\" content=\"summary_large_image\" \/>\n<script type=\"application\/ld+json\" class=\"yoast-schema-graph\">{\"@context\":\"https:\/\/schema.org\",\"@graph\":[{\"@type\":\"WebPage\",\"@id\":\"https:\/\/perulacrosse.org\/news-events\/\",\"url\":\"https:\/\/perulacrosse.org\/news-events\/\",\"name\":\"News & Events - Peru Lacrosse Association\",\"isPartOf\":{\"@id\":\"https:\/\/perulacrosse.org\/#website\"},\"primaryImageOfPage\":{\"@id\":\"https:\/\/perulacrosse.org\/news-events\/#primaryimage\"},\"image\":{\"@id\":\"https:\/\/perulacrosse.org\/news-events\/#primaryimage\"},\"thumbnailUrl\":\"https:\/\/perulacrosse.org\/wp-content\/uploads\/2025\/09\/post-grad-prep-program-pic.jpg\",\"datePublished\":\"2025-09-22T16:45:27+00:00\",\"dateModified\":\"2025-10-13T01:34:16+00:00\",\"breadcrumb\":{\"@id\":\"https:\/\/perulacrosse.org\/news-events\/#breadcrumb\"},\"inLanguage\":\"es-PE\",\"potentialAction\":[{\"@type\":\"ReadAction\",\"target\":[\"https:\/\/perulacrosse.org\/news-events\/\"]}]},{\"@type\":\"ImageObject\",\"inLanguage\":\"es-PE\",\"@id\":\"https:\/\/perulacrosse.org\/news-events\/#primaryimage\",\"url\":\"https:\/\/perulacrosse.org\/wp-content\/uploads\/2025\/09\/post-grad-prep-program-pic.jpg\",\"contentUrl\":\"https:\/\/perulacrosse.org\/wp-content\/uploads\/2025\/09\/post-grad-prep-program-pic.jpg\"},{\"@type\":\"BreadcrumbList\",\"@id\":\"https:\/\/perulacrosse.org\/news-events\/#breadcrumb\",\"itemListElement\":[{\"@type\":\"ListItem\",\"position\":1,\"name\":\"Home\",\"item\":\"https:\/\/perulacrosse.org\/\"},{\"@type\":\"ListItem\",\"position\":2,\"name\":\"News &#038; Events\"}]},{\"@type\":\"WebSite\",\"@id\":\"https:\/\/perulacrosse.org\/#website\",\"url\":\"https:\/\/perulacrosse.org\/\",\"name\":\"Peru Lacrosse Association\",\"description\":\"\",\"publisher\":{\"@id\":\"https:\/\/perulacrosse.org\/#organization\"},\"potentialAction\":[{\"@type\":\"SearchAction\",\"target\":{\"@type\":\"EntryPoint\",\"urlTemplate\":\"https:\/\/perulacrosse.org\/?s={search_term_string}\"},\"query-input\":{\"@type\":\"PropertyValueSpecification\",\"valueRequired\":true,\"valueName\":\"search_term_string\"}}],\"inLanguage\":\"es-PE\"},{\"@type\":\"Organization\",\"@id\":\"https:\/\/perulacrosse.org\/#organization\",\"name\":\"Peru Lacrosse Association\",\"url\":\"https:\/\/perulacrosse.org\/\",\"logo\":{\"@type\":\"ImageObject\",\"inLanguage\":\"es-PE\",\"@id\":\"https:\/\/perulacrosse.org\/#\/schema\/logo\/image\/\",\"url\":\"https:\/\/perulacrosse.org\/wp-content\/uploads\/2025\/09\/PeruLAX-Logo-OFFICIAL.svg\",\"contentUrl\":\"https:\/\/perulacrosse.org\/wp-content\/uploads\/2025\/09\/PeruLAX-Logo-OFFICIAL.svg\",\"width\":699,\"height\":699,\"caption\":\"Peru Lacrosse Association\"},\"image\":{\"@id\":\"https:\/\/perulacrosse.org\/#\/schema\/logo\/image\/\"},\"sameAs\":[\"https:\/\/www.facebook.com\/perulacrosseofficial\",\"https:\/\/www.instagram.com\/perulacrosse\",\"https:\/\/www.youtube.com\/@PeruLacrosseAssociation\"]}]}<\/script>\n<!-- \/ Yoast SEO plugin. -->","yoast_head_json":{"title":"News & Events - Peru Lacrosse Association","robots":{"index":"index","follow":"follow","max-snippet":"max-snippet:-1","max-image-preview":"max-image-preview:large","max-video-preview":"max-video-preview:-1"},"canonical":"https:\/\/perulacrosse.org\/es\/news-events\/","og_locale":"es_ES","og_type":"article","og_title":"News & Events - Peru Lacrosse Association","og_description":"News &amp; Events","og_url":"https:\/\/perulacrosse.org\/es\/news-events\/","og_site_name":"Peru Lacrosse Association","article_publisher":"https:\/\/www.facebook.com\/perulacrosseofficial","article_modified_time":"2025-10-13T01:34:16+00:00","og_image":[{"url":"https:\/\/perulacrosse.org\/wp-content\/uploads\/2025\/09\/post-grad-prep-program-pic.jpg","type":"","width":"","height":""}],"twitter_card":"summary_large_image","schema":{"@context":"https:\/\/schema.org","@graph":[{"@type":"WebPage","@id":"https:\/\/perulacrosse.org\/news-events\/","url":"https:\/\/perulacrosse.org\/news-events\/","name":"News & Events - Peru Lacrosse Association","isPartOf":{"@id":"https:\/\/perulacrosse.org\/#website"},"primaryImageOfPage":{"@id":"https:\/\/perulacrosse.org\/news-events\/#primaryimage"},"image":{"@id":"https:\/\/perulacrosse.org\/news-events\/#primaryimage"},"thumbnailUrl":"https:\/\/perulacrosse.org\/wp-content\/uploads\/2025\/09\/post-grad-prep-program-pic.jpg","datePublished":"2025-09-22T16:45:27+00:00","dateModified":"2025-10-13T01:34:16+00:00","breadcrumb":{"@id":"https:\/\/perulacrosse.org\/news-events\/#breadcrumb"},"inLanguage":"es-PE","potentialAction":[{"@type":"ReadAction","target":["https:\/\/perulacrosse.org\/news-events\/"]}]},{"@type":"ImageObject","inLanguage":"es-PE","@id":"https:\/\/perulacrosse.org\/news-events\/#primaryimage","url":"https:\/\/perulacrosse.org\/wp-content\/uploads\/2025\/09\/post-grad-prep-program-pic.jpg","contentUrl":"https:\/\/perulacrosse.org\/wp-content\/uploads\/2025\/09\/post-grad-prep-program-pic.jpg"},{"@type":"BreadcrumbList","@id":"https:\/\/perulacrosse.org\/news-events\/#breadcrumb","itemListElement":[{"@type":"ListItem","position":1,"name":"Home","item":"https:\/\/perulacrosse.org\/"},{"@type":"ListItem","position":2,"name":"News &#038; Events"}]},{"@type":"WebSite","@id":"https:\/\/perulacrosse.org\/#website","url":"https:\/\/perulacrosse.org\/","name":"Asociaci\u00f3n Peruana de Lacrosse","description":"","publisher":{"@id":"https:\/\/perulacrosse.org\/#organization"},"potentialAction":[{"@type":"SearchAction","target":{"@type":"EntryPoint","urlTemplate":"https:\/\/perulacrosse.org\/?s={search_term_string}"},"query-input":{"@type":"PropertyValueSpecification","valueRequired":true,"valueName":"search_term_string"}}],"inLanguage":"es-PE"},{"@type":"Organization","@id":"https:\/\/perulacrosse.org\/#organization","name":"Asociaci\u00f3n Peruana de Lacrosse","url":"https:\/\/perulacrosse.org\/","logo":{"@type":"ImageObject","inLanguage":"es-PE","@id":"https:\/\/perulacrosse.org\/#\/schema\/logo\/image\/","url":"https:\/\/perulacrosse.org\/wp-content\/uploads\/2025\/09\/PeruLAX-Logo-OFFICIAL.svg","contentUrl":"https:\/\/perulacrosse.org\/wp-content\/uploads\/2025\/09\/PeruLAX-Logo-OFFICIAL.svg","width":699,"height":699,"caption":"Peru Lacrosse Association"},"image":{"@id":"https:\/\/perulacrosse.org\/#\/schema\/logo\/image\/"},"sameAs":["https:\/\/www.facebook.com\/perulacrosseofficial","https:\/\/www.instagram.com\/perulacrosse","https:\/\/www.youtube.com\/@PeruLacrosseAssociation"]}]}},"_links":{"self":[{"href":"https:\/\/perulacrosse.org\/es\/wp-json\/wp\/v2\/pages\/759","targetHints":{"allow":["GET"]}}],"collection":[{"href":"https:\/\/perulacrosse.org\/es\/wp-json\/wp\/v2\/pages"}],"about":[{"href":"https:\/\/perulacrosse.org\/es\/wp-json\/wp\/v2\/types\/page"}],"author":[{"embeddable":true,"href":"https:\/\/perulacrosse.org\/es\/wp-json\/wp\/v2\/users\/1"}],"replies":[{"embeddable":true,"href":"https:\/\/perulacrosse.org\/es\/wp-json\/wp\/v2\/comments?post=759"}],"version-history":[{"count":0,"href":"https:\/\/perulacrosse.org\/es\/wp-json\/wp\/v2\/pages\/759\/revisions"}],"wp:attachment":[{"href":"https:\/\/perulacrosse.org\/es\/wp-json\/wp\/v2\/media?parent=759"}],"curies":[{"name":"wp","href":"https:\/\/api.w.org\/{rel}","templated":true}]}}